{"id":243,"date":"2023-06-01T18:43:22","date_gmt":"2023-06-01T17:43:22","guid":{"rendered":"https:\/\/laurafilgueira.live-website.com\/?page_id=243"},"modified":"2025-07-30T11:43:55","modified_gmt":"2025-07-30T10:43:55","slug":"servicios","status":"publish","type":"page","link":"https:\/\/laurafilgueira.com\/ca\/servicios","title":{"rendered":"Serveis"},"content":{"rendered":"<div data-elementor-type=\"wp-page\" data-elementor-id=\"243\" class=\"elementor elementor-243\" data-elementor-post-type=\"page\">\n\t\t\t\t\t\t<section class=\"elementor-section elementor-top-section elementor-element elementor-element-073bd31 elementor-section-boxed elementor-section-height-default elementor-section-height-default\" data-id=\"073bd31\" data-element_type=\"section\" data-e-type=\"section\" data-settings=\"{&quot;background_background&quot;:&quot;classic&quot;,&quot;background_motion_fx_motion_fx_mouse&quot;:&quot;yes&quot;}\">\n\t\t\t\t\t\t\t<div class=\"elementor-background-overlay\"><\/div>\n\t\t\t\t\t\t\t<div class=\"elementor-container elementor-column-gap-default\">\n\t\t\t\t\t<div class=\"elementor-column elementor-col-100 elementor-top-column elementor-element elementor-element-9248d98 elementor-invisible\" data-id=\"9248d98\" data-element_type=\"column\" data-e-type=\"column\" data-settings=\"{&quot;animation&quot;:&quot;fadeInUp&quot;}\">\n\t\t\t<div class=\"elementor-widget-wrap elementor-element-populated\">\n\t\t\t\t\t\t<div class=\"elementor-element elementor-element-d708b6a elementor-widget__width-initial service-title elementor-widget elementor-widget-heading\" data-id=\"d708b6a\" data-element_type=\"widget\" data-e-type=\"widget\" data-widget_type=\"heading.default\">\n\t\t\t\t<div class=\"elementor-widget-container\">\n\t\t\t\t\t<h4 class=\"elementor-heading-title elementor-size-default\">SERVEIS<\/h4>\t\t\t\t<\/div>\n\t\t\t\t<\/div>\n\t\t\t\t<div class=\"elementor-element elementor-element-ea92185 elementor-widget elementor-widget-text-editor\" data-id=\"ea92185\" data-element_type=\"widget\" data-e-type=\"widget\" data-widget_type=\"text-editor.default\">\n\t\t\t\t<div class=\"elementor-widget-container\">\n\t\t\t\t\t\t\t\t\t<p>Planificar, formar y asesorar.<\/p><p>Programas de formaci\u00f3n para la seguridad, el desempe\u00f1o y el liderazgo de equipos.<\/p>\t\t\t\t\t\t\t\t<\/div>\n\t\t\t\t<\/div>\n\t\t\t\t\t<\/div>\n\t\t<\/div>\n\t\t\t\t\t<\/div>\n\t\t<\/section>\n\t\t\t\t<section class=\"elementor-section elementor-top-section elementor-element elementor-element-1d1c9007 elementor-section-content-middle elementor-section-boxed elementor-section-height-default elementor-section-height-default\" data-id=\"1d1c9007\" data-element_type=\"section\" data-e-type=\"section\">\n\t\t\t\t\t\t<div class=\"elementor-container elementor-column-gap-no\">\n\t\t\t\t\t<div class=\"elementor-column elementor-col-100 elementor-top-column elementor-element elementor-element-5337568b\" data-id=\"5337568b\" data-element_type=\"column\" data-e-type=\"column\">\n\t\t\t<div class=\"elementor-widget-wrap elementor-element-populated\">\n\t\t\t\t\t\t<section class=\"elementor-section elementor-inner-section elementor-element elementor-element-4586410 elementor-section-content-middle elementor-section-boxed elementor-section-height-default elementor-section-height-default\" data-id=\"4586410\" data-element_type=\"section\" data-e-type=\"section\" data-settings=\"{&quot;background_background&quot;:&quot;classic&quot;}\">\n\t\t\t\t\t\t<div class=\"elementor-container elementor-column-gap-no\">\n\t\t\t\t\t<div class=\"elementor-column elementor-col-50 elementor-inner-column elementor-element elementor-element-4505fe9b elementor-invisible\" data-id=\"4505fe9b\" data-element_type=\"column\" data-e-type=\"column\" data-settings=\"{&quot;background_background&quot;:&quot;classic&quot;,&quot;animation&quot;:&quot;fadeIn&quot;,&quot;animation_delay&quot;:0}\">\n\t\t\t<div class=\"elementor-widget-wrap elementor-element-populated\">\n\t\t\t\t\t\t<div class=\"elementor-element elementor-element-e2ac9f3 elementor-widget elementor-widget-image\" data-id=\"e2ac9f3\" data-element_type=\"widget\" data-e-type=\"widget\" data-widget_type=\"image.default\">\n\t\t\t\t<div class=\"elementor-widget-container\">\n\t\t\t\t\t\t\t\t\t\t\t\t\t\t\t<img fetchpriority=\"high\" decoding=\"async\" width=\"256\" height=\"256\" src=\"https:\/\/laurafilgueira.com\/wp-content\/uploads\/2023\/06\/certificate.png\" class=\"attachment-large size-large wp-image-249\" alt=\"\" srcset=\"https:\/\/laurafilgueira.com\/wp-content\/uploads\/2023\/06\/certificate.png 256w, https:\/\/laurafilgueira.com\/wp-content\/uploads\/2023\/06\/certificate-150x150.png 150w\" sizes=\"(max-width: 256px) 100vw, 256px\" \/>\t\t\t\t\t\t\t\t\t\t\t\t\t\t\t<\/div>\n\t\t\t\t<\/div>\n\t\t\t\t<div class=\"elementor-element elementor-element-0fda9e9 elementor-widget elementor-widget-heading\" data-id=\"0fda9e9\" data-element_type=\"widget\" data-e-type=\"widget\" data-widget_type=\"heading.default\">\n\t\t\t\t<div class=\"elementor-widget-container\">\n\t\t\t\t\t<h2 class=\"elementor-heading-title elementor-size-default\">Formadora del programa SafeStart i project manager d\u2019implementaci\u00f3 del programa.<\/h2>\t\t\t\t<\/div>\n\t\t\t\t<\/div>\n\t\t\t\t<div class=\"elementor-element elementor-element-5d4d662 elementor-widget-divider--view-line elementor-widget elementor-widget-divider\" data-id=\"5d4d662\" data-element_type=\"widget\" data-e-type=\"widget\" data-widget_type=\"divider.default\">\n\t\t\t\t<div class=\"elementor-widget-container\">\n\t\t\t\t\t\t\t<div class=\"elementor-divider\">\n\t\t\t<span class=\"elementor-divider-separator\">\n\t\t\t\t\t\t<\/span>\n\t\t<\/div>\n\t\t\t\t\t\t<\/div>\n\t\t\t\t<\/div>\n\t\t\t\t<div class=\"elementor-element elementor-element-1f9904d elementor-widget elementor-widget-text-editor\" data-id=\"1f9904d\" data-element_type=\"widget\" data-e-type=\"widget\" data-widget_type=\"text-editor.default\">\n\t\t\t\t<div class=\"elementor-widget-container\">\n\t\t\t\t\t\t\t\t\t<p>Transformant la cultura de seguretat i millorant el rendiment general de les empreses a trav\u00e9s de la conscienciaci\u00f3 i el desenvolupament de compet\u00e8ncies de les persones a dins i a fora dels seus llocs de feina.<\/p>\n<p>Acompanyant els equips directius de les empreses que confien en SafeStart en la implementaci\u00f3 del programa de formaci\u00f3, assegurant que la implementaci\u00f3 del programa sigui un \u00e8xit. <br>Impartint les sessions de formaci\u00f3 del programa SafeStart a directivos i empleats.<span style=\"letter-spacing: 0.1px;\">&nbsp; &nbsp; &nbsp; &nbsp; &nbsp; &nbsp; &nbsp; &nbsp; &nbsp; &nbsp; &nbsp; &nbsp; &nbsp; &nbsp;<\/span><\/p>\t\t\t\t\t\t\t\t<\/div>\n\t\t\t\t<\/div>\n\t\t\t\t<div class=\"elementor-element elementor-element-35b8a772 elementor-align-center elementor-hidden-desktop elementor-hidden-tablet elementor-hidden-mobile elementor-widget elementor-widget-button\" data-id=\"35b8a772\" data-element_type=\"widget\" data-e-type=\"widget\" data-widget_type=\"button.default\">\n\t\t\t\t<div class=\"elementor-widget-container\">\n\t\t\t\t\t\t\t\t\t<div class=\"elementor-button-wrapper\">\n\t\t\t\t\t<a class=\"elementor-button elementor-button-link elementor-size-sm\" href=\"#\">\n\t\t\t\t\t\t<span class=\"elementor-button-content-wrapper\">\n\t\t\t\t\t\t\t\t\t<span class=\"elementor-button-text\">CONSULTAR<\/span>\n\t\t\t\t\t<\/span>\n\t\t\t\t\t<\/a>\n\t\t\t\t<\/div>\n\t\t\t\t\t\t\t\t<\/div>\n\t\t\t\t<\/div>\n\t\t\t\t\t<\/div>\n\t\t<\/div>\n\t\t\t\t<div class=\"elementor-column elementor-col-50 elementor-inner-column elementor-element elementor-element-1f17d47b elementor-invisible\" data-id=\"1f17d47b\" data-element_type=\"column\" data-e-type=\"column\" data-settings=\"{&quot;background_background&quot;:&quot;classic&quot;,&quot;animation&quot;:&quot;fadeIn&quot;}\">\n\t\t\t<div class=\"elementor-widget-wrap elementor-element-populated\">\n\t\t\t\t\t\t<div class=\"elementor-element elementor-element-37b0081 elementor-widget elementor-widget-image\" data-id=\"37b0081\" data-element_type=\"widget\" data-e-type=\"widget\" data-widget_type=\"image.default\">\n\t\t\t\t<div class=\"elementor-widget-container\">\n\t\t\t\t\t\t\t\t\t\t\t\t\t\t\t<img decoding=\"async\" width=\"256\" height=\"256\" src=\"https:\/\/laurafilgueira.com\/wp-content\/uploads\/2023\/06\/viral-marketing.png\" class=\"attachment-large size-large wp-image-248\" alt=\"\" srcset=\"https:\/\/laurafilgueira.com\/wp-content\/uploads\/2023\/06\/viral-marketing.png 256w, https:\/\/laurafilgueira.com\/wp-content\/uploads\/2023\/06\/viral-marketing-150x150.png 150w\" sizes=\"(max-width: 256px) 100vw, 256px\" \/>\t\t\t\t\t\t\t\t\t\t\t\t\t\t\t<\/div>\n\t\t\t\t<\/div>\n\t\t\t\t<div class=\"elementor-element elementor-element-e4e988e elementor-widget elementor-widget-heading\" data-id=\"e4e988e\" data-element_type=\"widget\" data-e-type=\"widget\" data-widget_type=\"heading.default\">\n\t\t\t\t<div class=\"elementor-widget-container\">\n\t\t\t\t\t<h2 class=\"elementor-heading-title elementor-size-default\">Speaker o facilitadora en eventos de empresa o networking<\/h2>\t\t\t\t<\/div>\n\t\t\t\t<\/div>\n\t\t\t\t<div class=\"elementor-element elementor-element-bcbb970 elementor-widget-divider--view-line elementor-widget elementor-widget-divider\" data-id=\"bcbb970\" data-element_type=\"widget\" data-e-type=\"widget\" data-widget_type=\"divider.default\">\n\t\t\t\t<div class=\"elementor-widget-container\">\n\t\t\t\t\t\t\t<div class=\"elementor-divider\">\n\t\t\t<span class=\"elementor-divider-separator\">\n\t\t\t\t\t\t<\/span>\n\t\t<\/div>\n\t\t\t\t\t\t<\/div>\n\t\t\t\t<\/div>\n\t\t\t\t<div class=\"elementor-element elementor-element-35829f2 elementor-widget elementor-widget-text-editor\" data-id=\"35829f2\" data-element_type=\"widget\" data-e-type=\"widget\" data-widget_type=\"text-editor.default\">\n\t\t\t\t<div class=\"elementor-widget-container\">\n\t\t\t\t\t\t\t\t\t<p>Creo y presento contenido sobre comunicaci\u00f3n efectiva, gesti\u00f3n de conflictos, liderazgo y PNL<\/p>\n<p>Presentaci\u00f3n, ponencia o intervenci\u00f3n para eventos de networking, team building o eventos de empresa.<\/p>\n<p>Si tienes una idea y no sabes c\u00f3mo presentarla, yo puedo ayudarte.<\/p>\t\t\t\t\t\t\t\t<\/div>\n\t\t\t\t<\/div>\n\t\t\t\t<div class=\"elementor-element elementor-element-3125add5 elementor-align-center elementor-hidden-desktop elementor-hidden-tablet elementor-hidden-mobile elementor-widget elementor-widget-button\" data-id=\"3125add5\" data-element_type=\"widget\" data-e-type=\"widget\" data-widget_type=\"button.default\">\n\t\t\t\t<div class=\"elementor-widget-container\">\n\t\t\t\t\t\t\t\t\t<div class=\"elementor-button-wrapper\">\n\t\t\t\t\t<a class=\"elementor-button elementor-button-link elementor-size-sm\" href=\"#\">\n\t\t\t\t\t\t<span class=\"elementor-button-content-wrapper\">\n\t\t\t\t\t\t\t\t\t<span class=\"elementor-button-text\">Consultar<\/span>\n\t\t\t\t\t<\/span>\n\t\t\t\t\t<\/a>\n\t\t\t\t<\/div>\n\t\t\t\t\t\t\t\t<\/div>\n\t\t\t\t<\/div>\n\t\t\t\t\t<\/div>\n\t\t<\/div>\n\t\t\t\t\t<\/div>\n\t\t<\/section>\n\t\t\t\t\t<\/div>\n\t\t<\/div>\n\t\t\t\t\t<\/div>\n\t\t<\/section>\n\t\t\t\t<\/div>","protected":false},"excerpt":{"rendered":"<p>SERVICIOS Planificar, formar y asesorar. Programas de formaci\u00f3n para la seguridad, el desempe\u00f1o y el liderazgo de equipos. Formadora del programa SafeStart y project manager de implementaci\u00f3n del programa Transformando la cultura de seguridad y mejorando el rendimiento general de las empresas a trav\u00e9s de la concienciaci\u00f3n y el desarrollo de competencias de las personas [&hellip;]<\/p>","protected":false},"author":2,"featured_media":0,"parent":0,"menu_order":0,"comment_status":"closed","ping_status":"closed","template":"elementor_header_footer","meta":{"footnotes":""},"class_list":["post-243","page","type-page","status-publish","hentry"],"yoast_head":"<!-- This site is optimized with the Yoast SEO plugin v27.4 - https:\/\/yoast.com\/product\/yoast-seo-wordpress\/ -->\n<title>Servicios - Laura Filgueira<\/title>\n<meta name=\"description\" content=\"Acompa\u00f1o a los equipos directivos de las empresas que conf\u00edan en SafeStart a implementar el programa de formaci\u00f3n asegurando que la implementaci\u00f3n del programa sea un \u00e9xito. Imparto las sesiones de formaci\u00f3n del programa SafeStart a directivos y empleados.\" \/>\n<meta name=\"robots\" content=\"index, follow, max-snippet:-1, max-image-preview:large, max-video-preview:-1\" \/>\n<link rel=\"canonical\" href=\"https:\/\/laurafilgueira.com\/ca\/servicios\" \/>\n<meta property=\"og:locale\" content=\"ca_ES\" \/>\n<meta property=\"og:type\" content=\"article\" \/>\n<meta property=\"og:title\" content=\"Servicios - Laura Filgueira\" \/>\n<meta property=\"og:description\" content=\"Acompa\u00f1o a los equipos directivos de las empresas que conf\u00edan en SafeStart a implementar el programa de formaci\u00f3n asegurando que la implementaci\u00f3n del programa sea un \u00e9xito. Imparto las sesiones de formaci\u00f3n del programa SafeStart a directivos y empleados.\" \/>\n<meta property=\"og:url\" content=\"https:\/\/laurafilgueira.com\/ca\/servicios\" \/>\n<meta property=\"og:site_name\" content=\"Laura Filgueira\" \/>\n<meta property=\"article:modified_time\" content=\"2025-07-30T10:43:55+00:00\" \/>\n<meta property=\"og:image\" content=\"https:\/\/laurafilgueira.com\/wp-content\/uploads\/2023\/06\/certificate.png\" \/>\n<meta name=\"twitter:card\" content=\"summary_large_image\" \/>\n<meta name=\"twitter:label1\" content=\"Temps estimat de lectura\" \/>\n\t<meta name=\"twitter:data1\" content=\"3 minuts\" \/>\n<script type=\"application\/ld+json\" class=\"yoast-schema-graph\">{\"@context\":\"https:\\\/\\\/schema.org\",\"@graph\":[{\"@type\":\"WebPage\",\"@id\":\"https:\\\/\\\/laurafilgueira.com\\\/ca\\\/servicios\",\"url\":\"https:\\\/\\\/laurafilgueira.com\\\/ca\\\/servicios\",\"name\":\"Servicios - Laura Filgueira\",\"isPartOf\":{\"@id\":\"https:\\\/\\\/darkcyan-armadillo-498192.hostingersite.com\\\/#website\"},\"primaryImageOfPage\":{\"@id\":\"https:\\\/\\\/laurafilgueira.com\\\/ca\\\/servicios#primaryimage\"},\"image\":{\"@id\":\"https:\\\/\\\/laurafilgueira.com\\\/ca\\\/servicios#primaryimage\"},\"thumbnailUrl\":\"https:\\\/\\\/laurafilgueira.com\\\/wp-content\\\/uploads\\\/2023\\\/06\\\/certificate.png\",\"datePublished\":\"2023-06-01T17:43:22+00:00\",\"dateModified\":\"2025-07-30T10:43:55+00:00\",\"description\":\"Acompa\u00f1o a los equipos directivos de las empresas que conf\u00edan en SafeStart a implementar el programa de formaci\u00f3n asegurando que la implementaci\u00f3n del programa sea un \u00e9xito. Imparto las sesiones de formaci\u00f3n del programa SafeStart a directivos y empleados.\",\"breadcrumb\":{\"@id\":\"https:\\\/\\\/laurafilgueira.com\\\/ca\\\/servicios#breadcrumb\"},\"inLanguage\":\"ca\",\"potentialAction\":[{\"@type\":\"ReadAction\",\"target\":[\"https:\\\/\\\/laurafilgueira.com\\\/ca\\\/servicios\"]}]},{\"@type\":\"ImageObject\",\"inLanguage\":\"ca\",\"@id\":\"https:\\\/\\\/laurafilgueira.com\\\/ca\\\/servicios#primaryimage\",\"url\":\"https:\\\/\\\/laurafilgueira.com\\\/wp-content\\\/uploads\\\/2023\\\/06\\\/certificate.png\",\"contentUrl\":\"https:\\\/\\\/laurafilgueira.com\\\/wp-content\\\/uploads\\\/2023\\\/06\\\/certificate.png\"},{\"@type\":\"BreadcrumbList\",\"@id\":\"https:\\\/\\\/laurafilgueira.com\\\/ca\\\/servicios#breadcrumb\",\"itemListElement\":[{\"@type\":\"ListItem\",\"position\":1,\"name\":\"Home\",\"item\":\"https:\\\/\\\/darkcyan-armadillo-498192.hostingersite.com\\\/\"},{\"@type\":\"ListItem\",\"position\":2,\"name\":\"Servicios\"}]},{\"@type\":\"WebSite\",\"@id\":\"https:\\\/\\\/darkcyan-armadillo-498192.hostingersite.com\\\/#website\",\"url\":\"https:\\\/\\\/darkcyan-armadillo-498192.hostingersite.com\\\/\",\"name\":\"Laura Filgueira\",\"description\":\"\",\"publisher\":{\"@id\":\"https:\\\/\\\/darkcyan-armadillo-498192.hostingersite.com\\\/#organization\"},\"potentialAction\":[{\"@type\":\"SearchAction\",\"target\":{\"@type\":\"EntryPoint\",\"urlTemplate\":\"https:\\\/\\\/darkcyan-armadillo-498192.hostingersite.com\\\/?s={search_term_string}\"},\"query-input\":{\"@type\":\"PropertyValueSpecification\",\"valueRequired\":true,\"valueName\":\"search_term_string\"}}],\"inLanguage\":\"ca\"},{\"@type\":\"Organization\",\"@id\":\"https:\\\/\\\/darkcyan-armadillo-498192.hostingersite.com\\\/#organization\",\"name\":\"Laura Filgueira\",\"url\":\"https:\\\/\\\/darkcyan-armadillo-498192.hostingersite.com\\\/\",\"logo\":{\"@type\":\"ImageObject\",\"inLanguage\":\"ca\",\"@id\":\"https:\\\/\\\/darkcyan-armadillo-498192.hostingersite.com\\\/#\\\/schema\\\/logo\\\/image\\\/\",\"url\":\"https:\\\/\\\/laurafilgueira.com\\\/wp-content\\\/uploads\\\/2023\\\/05\\\/2-1-e1685803739684.png\",\"contentUrl\":\"https:\\\/\\\/laurafilgueira.com\\\/wp-content\\\/uploads\\\/2023\\\/05\\\/2-1-e1685803739684.png\",\"width\":500,\"height\":238,\"caption\":\"Laura Filgueira\"},\"image\":{\"@id\":\"https:\\\/\\\/darkcyan-armadillo-498192.hostingersite.com\\\/#\\\/schema\\\/logo\\\/image\\\/\"}}]}<\/script>\n<!-- \/ Yoast SEO plugin. -->","yoast_head_json":{"title":"Servicios - Laura Filgueira","description":"Acompa\u00f1o a los equipos directivos de las empresas que conf\u00edan en SafeStart a implementar el programa de formaci\u00f3n asegurando que la implementaci\u00f3n del programa sea un \u00e9xito. Imparto las sesiones de formaci\u00f3n del programa SafeStart a directivos y empleados.","robots":{"index":"index","follow":"follow","max-snippet":"max-snippet:-1","max-image-preview":"max-image-preview:large","max-video-preview":"max-video-preview:-1"},"canonical":"https:\/\/laurafilgueira.com\/ca\/servicios","og_locale":"ca_ES","og_type":"article","og_title":"Servicios - Laura Filgueira","og_description":"Acompa\u00f1o a los equipos directivos de las empresas que conf\u00edan en SafeStart a implementar el programa de formaci\u00f3n asegurando que la implementaci\u00f3n del programa sea un \u00e9xito. Imparto las sesiones de formaci\u00f3n del programa SafeStart a directivos y empleados.","og_url":"https:\/\/laurafilgueira.com\/ca\/servicios","og_site_name":"Laura Filgueira","article_modified_time":"2025-07-30T10:43:55+00:00","og_image":[{"url":"https:\/\/laurafilgueira.com\/wp-content\/uploads\/2023\/06\/certificate.png","type":"","width":"","height":""}],"twitter_card":"summary_large_image","twitter_misc":{"Temps estimat de lectura":"3 minuts"},"schema":{"@context":"https:\/\/schema.org","@graph":[{"@type":"WebPage","@id":"https:\/\/laurafilgueira.com\/ca\/servicios","url":"https:\/\/laurafilgueira.com\/ca\/servicios","name":"Servicios - Laura Filgueira","isPartOf":{"@id":"https:\/\/darkcyan-armadillo-498192.hostingersite.com\/#website"},"primaryImageOfPage":{"@id":"https:\/\/laurafilgueira.com\/ca\/servicios#primaryimage"},"image":{"@id":"https:\/\/laurafilgueira.com\/ca\/servicios#primaryimage"},"thumbnailUrl":"https:\/\/laurafilgueira.com\/wp-content\/uploads\/2023\/06\/certificate.png","datePublished":"2023-06-01T17:43:22+00:00","dateModified":"2025-07-30T10:43:55+00:00","description":"Acompa\u00f1o a los equipos directivos de las empresas que conf\u00edan en SafeStart a implementar el programa de formaci\u00f3n asegurando que la implementaci\u00f3n del programa sea un \u00e9xito. Imparto las sesiones de formaci\u00f3n del programa SafeStart a directivos y empleados.","breadcrumb":{"@id":"https:\/\/laurafilgueira.com\/ca\/servicios#breadcrumb"},"inLanguage":"ca","potentialAction":[{"@type":"ReadAction","target":["https:\/\/laurafilgueira.com\/ca\/servicios"]}]},{"@type":"ImageObject","inLanguage":"ca","@id":"https:\/\/laurafilgueira.com\/ca\/servicios#primaryimage","url":"https:\/\/laurafilgueira.com\/wp-content\/uploads\/2023\/06\/certificate.png","contentUrl":"https:\/\/laurafilgueira.com\/wp-content\/uploads\/2023\/06\/certificate.png"},{"@type":"BreadcrumbList","@id":"https:\/\/laurafilgueira.com\/ca\/servicios#breadcrumb","itemListElement":[{"@type":"ListItem","position":1,"name":"Home","item":"https:\/\/darkcyan-armadillo-498192.hostingersite.com\/"},{"@type":"ListItem","position":2,"name":"Servicios"}]},{"@type":"WebSite","@id":"https:\/\/darkcyan-armadillo-498192.hostingersite.com\/#website","url":"https:\/\/darkcyan-armadillo-498192.hostingersite.com\/","name":"Laura Filgueira","description":"","publisher":{"@id":"https:\/\/darkcyan-armadillo-498192.hostingersite.com\/#organization"},"potentialAction":[{"@type":"SearchAction","target":{"@type":"EntryPoint","urlTemplate":"https:\/\/darkcyan-armadillo-498192.hostingersite.com\/?s={search_term_string}"},"query-input":{"@type":"PropertyValueSpecification","valueRequired":true,"valueName":"search_term_string"}}],"inLanguage":"ca"},{"@type":"Organization","@id":"https:\/\/darkcyan-armadillo-498192.hostingersite.com\/#organization","name":"Laura Filgueira","url":"https:\/\/darkcyan-armadillo-498192.hostingersite.com\/","logo":{"@type":"ImageObject","inLanguage":"ca","@id":"https:\/\/darkcyan-armadillo-498192.hostingersite.com\/#\/schema\/logo\/image\/","url":"https:\/\/laurafilgueira.com\/wp-content\/uploads\/2023\/05\/2-1-e1685803739684.png","contentUrl":"https:\/\/laurafilgueira.com\/wp-content\/uploads\/2023\/05\/2-1-e1685803739684.png","width":500,"height":238,"caption":"Laura Filgueira"},"image":{"@id":"https:\/\/darkcyan-armadillo-498192.hostingersite.com\/#\/schema\/logo\/image\/"}}]}},"_links":{"self":[{"href":"https:\/\/laurafilgueira.com\/ca\/wp-json\/wp\/v2\/pages\/243","targetHints":{"allow":["GET"]}}],"collection":[{"href":"https:\/\/laurafilgueira.com\/ca\/wp-json\/wp\/v2\/pages"}],"about":[{"href":"https:\/\/laurafilgueira.com\/ca\/wp-json\/wp\/v2\/types\/page"}],"author":[{"embeddable":true,"href":"https:\/\/laurafilgueira.com\/ca\/wp-json\/wp\/v2\/users\/2"}],"replies":[{"embeddable":true,"href":"https:\/\/laurafilgueira.com\/ca\/wp-json\/wp\/v2\/comments?post=243"}],"version-history":[{"count":257,"href":"https:\/\/laurafilgueira.com\/ca\/wp-json\/wp\/v2\/pages\/243\/revisions"}],"predecessor-version":[{"id":1431,"href":"https:\/\/laurafilgueira.com\/ca\/wp-json\/wp\/v2\/pages\/243\/revisions\/1431"}],"wp:attachment":[{"href":"https:\/\/laurafilgueira.com\/ca\/wp-json\/wp\/v2\/media?parent=243"}],"curies":[{"name":"wp","href":"https:\/\/api.w.org\/{rel}","templated":true}]}}